{"id":17,"date":"2011-09-13T09:16:41","date_gmt":"2011-09-13T16:16:41","guid":{"rendered":"https:\/\/blogs.ubc.ca\/fren220\/?page_id=17"},"modified":"2012-10-16T18:38:45","modified_gmt":"2012-10-17T01:38:45","slug":"syllabus-schedule","status":"publish","type":"page","link":"https:\/\/blogs.ubc.ca\/fren220\/syllabus-schedule\/","title":{"rendered":"Calendrier \/ Programme"},"content":{"rendered":"<ul>\n<li>Tous les cours sont dans la salle D201.<\/li>\n<li>Ces informations sont aussi disponibles en\u00a0<a href=\"https:\/\/blogs.ubc.ca\/fren220\/files\/2012\/10\/fren220-calendrier2012v2.pdf\" target=\"_blank\">PDF<\/a> t\u00e9l\u00e9chargeable<br \/>\nNB: la version affich\u00e9e ici sur le site est la plus r\u00e9cente; elle pourra changer pendant le semestre, mais toujours en direction positive pour vous, vous donnant plus de temps pour un travail&#8230;<\/li>\n<li>Date de derni\u00e8re remise \u00e0 jour: 2012-09-17<\/li>\n<li>Pour plus d&rsquo;informations en d\u00e9tail sur les devoirs et les examens: voir <a href=\"https:\/\/blogs.ubc.ca\/fren220\/syllabus\/assessment\/\">Travaux<\/a><\/li>\n<li>Pour plus d&rsquo;informations en d\u00e9tail sur le commentaire et la dissertation: voir\n<ol>\n<li><a href=\"https:\/\/blogs.ubc.ca\/fren220\/liens\/\">Ressources: les \u00e9tudes litt\u00e9raires<\/a><\/li>\n<li><a href=\"https:\/\/blogs.ubc.ca\/fren220\/liens\/ressources-pour-le-commentaire\/\">Ressources: le commentaire<\/a><\/li>\n<li><a href=\"https:\/\/blogs.ubc.ca\/fren220\/liens\/ressources-la-dissertation\/\">Ressources: la dissertation<\/a><\/li>\n<\/ol>\n<\/li>\n<\/ul>\n<table cellspacing=\"0\" cellpadding=\"0\">\n<tbody>\n<tr>\n<td valign=\"middle\">\u00a0Semaine<\/td>\n<td style=\"text-align: center;\" valign=\"middle\">LUNDI<\/td>\n<td style=\"text-align: center;\" valign=\"middle\">MERCREDI<\/td>\n<td style=\"text-align: center;\" valign=\"middle\">VENDREDI<\/td>\n<td valign=\"middle\">A FAIRE POUR LA SEMAINE PROCHAINE<\/td>\n<\/tr>\n<tr>\n<td valign=\"middle\">\u00a0(1)<br \/>\n3 sept.<\/td>\n<td valign=\"top\">PAS DE COURS<\/td>\n<td valign=\"top\">&#8211; Pr\u00e9sentation du cours<\/td>\n<td valign=\"top\">&#8211; Introduction et survol<br \/>\n-Cours magistral: le Moyen-\u00c2ge (1)<\/td>\n<td valign=\"top\"><em>&#8211; Lanval: <\/em>1e lecture<br \/>\n(pour la semaine prochaine)<\/td>\n<\/tr>\n<tr>\n<td valign=\"middle\">\u00a0(2)<br \/>\n10 sept.<\/td>\n<td valign=\"top\">&#8211; Discussion pr\u00e9liminaire des lectures<br \/>\n&#8211; Cours magistral: le Moyen-\u00c2ge (2) + questions<\/td>\n<td valign=\"top\">&#8211; Cours magistral: le Moyen-\u00c2ge (3) + questions<\/td>\n<td valign=\"top\">&#8211; Atelier de lecture sur <em>Lanval<\/em><\/td>\n<td valign=\"top\"><em>&#8211; Anthologie<\/em>: Rutebeuf, Charles d\u2019Orl\u00e9ans, Villon, Marot<\/td>\n<\/tr>\n<tr>\n<td valign=\"middle\">\u00a0(3)<br \/>\n17 sept.<\/td>\n<td valign=\"top\">&#8211; Discussion des lectures et du travail de vendredi<br \/>\n&#8211; Cours magistral: le Moyen-\u00c2ge (4) et le commentaire<\/td>\n<td valign=\"top\">&#8211; Cours magistral: le commentaire<\/td>\n<td valign=\"top\">&#8211; Atelier Villon et Marot<\/td>\n<td valign=\"top\"><em>&#8211; Anthologie: <\/em>Du Bellay, Ronsard, Lab\u00e9<br \/>\n&#8211; <strong>Commentaire 1 v. 1 <\/strong>(pour lundi): Ronsard<\/td>\n<\/tr>\n<tr>\n<td valign=\"middle\">\u00a0(4)<br \/>\n24 sept.<\/td>\n<td valign=\"top\">&#8211; <strong>Rendre le comm. 1 v. 1<\/strong><br \/>\n&#8211; Discussion<br \/>\n&#8211; Cours magistral: la po\u00e9sie au Moyen \u00c2ge et \u00e0 la Renaissance<\/td>\n<td valign=\"top\">&#8211; Cours magistral: la Renaissance (1)<\/td>\n<td valign=\"top\">&#8211; J\u00d3B: Remise du comm. 1 v. 1 corrig\u00e9<br \/>\n&#8211; Atelier Du Bellay, Ronsard, Lab\u00e9<\/td>\n<td valign=\"top\">&#8211; Pr\u00e9paration (relecture): examen de mi-semestre<\/td>\n<\/tr>\n<tr>\n<td valign=\"middle\">\u00a0(5)<br \/>\n1 oct.<\/td>\n<td valign=\"top\">&#8211; Discussion<br \/>\n&#8211; La r\u00e9daction litt\u00e9raire<\/td>\n<td valign=\"top\">&#8211; Cours magistral: la r\u00e9daction litt\u00e9raire et la dissertation<\/td>\n<td valign=\"top\"><strong>&#8211; EXAMEN DE MI-SEMESTRE: <\/strong>R\u00e9daction en classe<strong><br \/>\n<\/strong><\/td>\n<td valign=\"top\">&#8211; Montaigne, ch. 1<br \/>\n&#8211;<strong> Comm. 1 v. 2<\/strong> (pour lundi)<\/td>\n<\/tr>\n<tr>\n<td valign=\"middle\">\u00a0(6)<br \/>\n8 oct.<\/td>\n<td valign=\"top\">PAS DE COURS<\/td>\n<td valign=\"top\">&#8211; Discussion<br \/>\n&#8211; Cours magistral: la Renaissance (2)<\/td>\n<td valign=\"top\">&#8211; <strong>Rendre le comm. 1 v. 2<\/strong>&#8211; Atelier Montaigne, ch. 1<\/td>\n<td valign=\"top\">&#8211; Montaigne, ch. 3<\/td>\n<\/tr>\n<tr>\n<td valign=\"middle\">(7)<br \/>\n15 oct<\/td>\n<td valign=\"top\">&#8211; Discussion<br \/>\n&#8211; Cours magistral: la Renaissance (3)<\/td>\n<td valign=\"top\">&#8211; J\u00d3B: Remise de l\u2019examen de mi-semestre corrig\u00e9<br \/>\n&#8211; Cours magistral: la Renaissance (4), les <em>Essais<\/em>, la prose des id\u00e9es, et la dissertation litt\u00e9raire<\/td>\n<td valign=\"top\">&#8211; Atelier Montaigne, ch. 3<\/td>\n<td valign=\"top\">&#8211; Montaigne, ch. 4<\/td>\n<\/tr>\n<tr>\n<td valign=\"middle\">\u00a0(8)<br \/>\n22 oct.<\/td>\n<td valign=\"top\">&#8211; J\u00d3B: Remise du comm. 1 v. 2 corrig\u00e9<br \/>\n&#8211; Discussion<br \/>\n&#8211; Cours magistral: la Renaissance (5)<\/td>\n<td valign=\"top\">&#8211; Cours magistral: la prose des id\u00e9es<\/td>\n<td valign=\"top\">&#8211; Atelier Montaigne, ch. 4<\/td>\n<td valign=\"top\"><em>&#8211; Anthologie: <\/em>La Fontaine<br \/>\n&#8211;<strong> Comm.\/diss 2 v. 1 <\/strong>(pour lundi): Montaigne<em><\/em><\/td>\n<\/tr>\n<tr>\n<td valign=\"middle\">\u00a0(9)<br \/>\n29 oct.<\/td>\n<td valign=\"top\">&#8211; <strong>Rendre le comm.\/diss. 2 v. 1<\/strong><br \/>\n&#8211; Discussion<br \/>\n&#8211; Cours magistral: la po\u00e9sie et le Classicisme<br \/>\n<strong><\/strong><\/td>\n<td valign=\"top\">&#8211; Cours magistral: le 17e (1)<\/td>\n<td valign=\"top\">&#8211; Atelier La Fontaine<\/td>\n<td valign=\"top\"><em>&#8211; Le Malade imaginaire, <\/em>acte I<\/td>\n<\/tr>\n<tr>\n<td valign=\"middle\">\u00a0(10)<br \/>\n5 nov.<\/td>\n<td valign=\"top\">&#8211; J\u00d3B: Remise du comm.\/diss. 2 v. 1 corrig\u00e9<br \/>\n&#8211; Discussion<br \/>\n&#8211; Cours magistral: le 17e (2)<\/td>\n<td valign=\"top\">&#8211; Cours magistral: le th\u00e9\u00e2tre<\/td>\n<td valign=\"top\">&#8211; Atelier <em>Le Malade imaginaire, <\/em>acte I<\/td>\n<td valign=\"top\"><strong>&#8211; Comm. 2 v. 2 <\/strong>(pour vendredi)<em><br \/>\n&#8211; Le Malade imaginaire, <\/em>acte II<\/td>\n<\/tr>\n<tr>\n<td valign=\"middle\">\u00a0(11)<br \/>\n12 nov.<\/td>\n<td valign=\"top\">PAS DE COURS<\/td>\n<td valign=\"top\">&#8211; Discussion<br \/>\n&#8211; Cours magistral: le 17e (3)<\/td>\n<td valign=\"top\">&#8211;\u00a0<strong>Rendre le comm.\/diss. 2 v. 2<\/strong><br \/>\n&#8211; Atelier <em>Le Malade imaginaire, <\/em>acte II<\/td>\n<td valign=\"top\"><em>&#8211; Le Malade imaginaire, <\/em>acte III<\/td>\n<\/tr>\n<tr>\n<td valign=\"middle\">\u00a0(12)<br \/>\n19 nov.<\/td>\n<td valign=\"top\">&#8211; Discussion<br \/>\n&#8211; Cours magistral: le 17e (4)<\/td>\n<td valign=\"top\">&#8211; Cours magistral: le 17e (5)<\/td>\n<td valign=\"top\">&#8211; J\u00d3B: Remise du comm.\/diss. 2 v. 2<strong><br \/>\n<\/strong>corrig\u00e9<br \/>\n&#8211; Atelier <em>Le Malade imaginaire, <\/em>acte III<\/td>\n<td valign=\"top\"><em>&#8211; Le Malade imaginaire: <\/em>relire toute la pi\u00e8ce<br \/>\n&#8211;\u00a0<strong>Diss<\/strong>. (facultatif, pour lundi) sur <em>Le Malade imaginaire<\/em><\/td>\n<\/tr>\n<tr>\n<td valign=\"middle\">(13)<br \/>\n26 nov.<\/td>\n<td valign=\"top\">&#8211;\u00a0<strong>(facultatif) rendre la diss.<\/strong><br \/>\n&#8211; R\u00e9visions<\/td>\n<td valign=\"top\">&#8211; R\u00e9visions<\/td>\n<td valign=\"top\">&#8211; J\u00d3B: (remise de la diss. faculative corrig\u00e9e)<br \/>\n&#8211; R\u00e9visions<\/td>\n<td valign=\"top\">&#8211; Pr\u00e9paration \u00e0 l\u2019examen final<\/td>\n<\/tr>\n<\/tbody>\n<\/table>\n<p>&nbsp;<\/p>\n<p>date \u00e0 venir, D\u00c9CEMBRE: examen final<\/p>\n<div class=\"linkscent-iconblock\" style=\"padding: 0px ! important; margin: 0px ! important; float: none ! important; border: 0px solid #ff0000 ! important; background: none repeat scroll center center transparent ! important; width: auto ! important; height: auto ! important; display: block ! important; overflow: visible ! important; position: static ! important; text-indent: 0px ! important; z-index: auto ! important; max-width: none ! important; min-width: 0px ! important; max-height: none ! important; min-height: 0px ! important; left: auto ! important; top: auto ! important; bottom: auto ! important; right: auto ! important; line-height: 16px ! important; white-space: nowrap ! important;\"><img decoding=\"async\" class=\"linkscent-icon\" style=\"padding: 0px ! important; margin: 0px; float: none ! important; border: 0px solid #ff0000 ! important; width: 16px ! important; height: 16px ! important; display: none; overflow: visible ! important; position: absolute ! important; text-indent: 0px ! important; z-index: 2147483635 ! important; max-width: none ! important; min-width: 0px ! important; max-height: none ! important; min-height: 0px ! important; left: 324px; top: 29px; bottom: auto ! important; right: auto ! important; line-height: 16px ! important; white-space: nowrap ! important; visibility: visible; background: url('https:\/\/blogs.ubc.ca\/favicon.ico') no-repeat scroll center center transparent ! important;\" src=\"chrome:\/\/interclue\/content\/cluecore\/skins\/default\/pixel.gif\" alt=\"\" \/><img loading=\"lazy\" decoding=\"async\" class=\"linkscent-icon\" style=\"padding: 0px ! important; margin: 0px; float: none ! important; border: 0px solid #ff0000 ! important; background: url('chrome:\/\/interclue\/content\/cluecore\/skins\/default\/sprites.png') no-repeat scroll -112px -80px transparent; width: 16px ! important; height: 16px ! important; display: none; overflow: visible ! important; position: absolute ! important; text-indent: 0px ! important; z-index: 2147483635 ! important; max-width: none ! important; min-width: 0px ! important; max-height: none ! important; min-height: 0px ! important; left: 342px; top: 29px; bottom: auto ! important; right: auto ! important; line-height: 16px ! important; white-space: nowrap ! important; visibility: visible;\" src=\"chrome:\/\/interclue\/content\/cluecore\/skins\/default\/pixel.gif\" alt=\"\" width=\"16\" height=\"16\" \/><img loading=\"lazy\" decoding=\"async\" class=\"linkscent-icon\" style=\"padding: 0px ! important; margin: 0px; float: none ! important; border: 0px solid #ff0000 ! important; background: url('chrome:\/\/interclue\/content\/cluecore\/skins\/default\/sprites.png') no-repeat scroll -64px -96px transparent; width: 16px ! important; height: 16px ! important; display: none; overflow: visible ! important; position: absolute ! important; text-indent: 0px ! important; z-index: 2147483635 ! important; max-width: none ! important; min-width: 0px ! important; max-height: none ! important; min-height: 0px ! important; left: 360px; top: 29px; bottom: auto ! important; right: auto ! important; line-height: 16px ! important; white-space: nowrap ! important; visibility: visible;\" src=\"chrome:\/\/interclue\/content\/cluecore\/skins\/default\/pixel.gif\" alt=\"\" width=\"16\" height=\"16\" \/><img decoding=\"async\" class=\"linkscent-icon\" style=\"padding: 0px ! important; margin: 0px; float: none ! important; border: 0px solid #ff0000 ! important; background: none repeat scroll center center transparent; width: 16px ! important; height: 16px ! important; display: none; overflow: visible ! important; position: absolute ! important; text-indent: 0px ! important; z-index: 2147483635 ! important; max-width: none ! important; min-width: 0px ! important; max-height: none ! important; min-height: 0px ! important; left: 378px; top: 29px; bottom: auto ! important; right: auto ! important; line-height: 16px ! important; white-space: nowrap ! important; visibility: hidden;\" src=\"chrome:\/\/interclue\/content\/cluecore\/skins\/default\/pixel.gif\" alt=\"\" \/><\/div>\n<p>&nbsp;<\/p>\n","protected":false},"excerpt":{"rendered":"<p>Tous les cours sont dans la salle D201. Ces informations sont aussi disponibles en\u00a0PDF t\u00e9l\u00e9chargeable NB: la version affich\u00e9e ici sur le site est la plus r\u00e9cente; elle pourra changer pendant le semestre, mais toujours en direction positive pour vous, vous donnant plus de temps pour un travail&#8230; Date de derni\u00e8re remise \u00e0 jour: 2012-09-17 Pour plus d&rsquo;informations en d\u00e9tail sur les devoirs et les examens: voir Travaux Pour plus d&rsquo;informations en d\u00e9tail sur le commentaire et la dissertation: voir Ressources: les \u00e9tudes litt\u00e9raires Ressources: le commentaire Ressources: la dissertation&#8230;<a class=\"read-more\" href=\"https:\/\/blogs.ubc.ca\/fren220\/syllabus-schedule\/\">read more<\/a><\/p>\n","protected":false},"author":1097,"featured_media":0,"parent":0,"menu_order":3,"comment_status":"open","ping_status":"closed","template":"","meta":{"footnotes":""},"class_list":["post-17","page","type-page","status-publish","hentry","et-no-image","et-bg-layout-dark","et-white-bg"],"_links":{"self":[{"href":"https:\/\/blogs.ubc.ca\/fren220\/wp-json\/wp\/v2\/pages\/17","targetHints":{"allow":["GET"]}}],"collection":[{"href":"https:\/\/blogs.ubc.ca\/fren220\/wp-json\/wp\/v2\/pages"}],"about":[{"href":"https:\/\/blogs.ubc.ca\/fren220\/wp-json\/wp\/v2\/types\/page"}],"author":[{"embeddable":true,"href":"https:\/\/blogs.ubc.ca\/fren220\/wp-json\/wp\/v2\/users\/1097"}],"replies":[{"embeddable":true,"href":"https:\/\/blogs.ubc.ca\/fren220\/wp-json\/wp\/v2\/comments?post=17"}],"version-history":[{"count":27,"href":"https:\/\/blogs.ubc.ca\/fren220\/wp-json\/wp\/v2\/pages\/17\/revisions"}],"predecessor-version":[{"id":23,"href":"https:\/\/blogs.ubc.ca\/fren220\/wp-json\/wp\/v2\/pages\/17\/revisions\/23"}],"wp:attachment":[{"href":"https:\/\/blogs.ubc.ca\/fren220\/wp-json\/wp\/v2\/media?parent=17"}],"curies":[{"name":"wp","href":"https:\/\/api.w.org\/{rel}","templated":true}]}}