{"id":2624,"date":"2020-04-10T10:22:00","date_gmt":"2020-04-10T17:22:00","guid":{"rendered":"https:\/\/blogs.ubc.ca\/isabelle\/?page_id=2624"},"modified":"2020-04-24T18:30:24","modified_gmt":"2020-04-25T01:30:24","slug":"troisieme-trimestre","status":"publish","type":"page","link":"https:\/\/blogs.ubc.ca\/isabelle\/troisieme-trimestre\/","title":{"rendered":"Troisi\u00e8me trimestre"},"content":{"rendered":"<p><span style=\"color: #0000ff;\"><strong>RENCONTRES VIRTUELLES \u00c0 VENIR SUR MICROSOFT TEAMS:<\/strong><\/span><\/p>\n<p>\u00c0 venir&#8230;<\/p>\n<ul>\n<li><strong>Lundi, le 27 avril de 14h00 \u00e0 15h00<\/strong>\n<ul>\n<li><strong style=\"color: #ff0000;\"><span id=\"s2_1\">Check-in obligatoire pour tous les \u00e9tudiants &#8211; Je vais prendre les pr\u00e9sences et noter les absences.<\/span><\/strong><\/li>\n<li>Le point sur les nouveaux syst\u00e8mes en place pour nous aider et sur ce qui s\u2019en vient.<\/li>\n<li>Les commentaires pr\u00e9liminaires sur la qualit\u00e9 de vos projets qui sont \u00e0 remettre le 24 avril sur MS TEAMS.<\/li>\n<li>PLUS explications de toutes les options de projets du 27\u00a0avril au 8\u00a0mai\u00a02020.<\/li>\n<\/ul>\n<\/li>\n<\/ul>\n<ul>\n<li><strong>Mercredi, le 29 avril de 14h00 \u00e0 15h00<\/strong>\n<ul>\n<li><strong style=\"color: #ff0000;\"><span id=\"s2_1\">Check-in obligatoire pour tous les \u00e9tudiants &#8211; Je vais prendre les pr\u00e9sences et noter les absences.<\/span><\/strong><\/li>\n<li>Activit\u00e9s en groupes pour s&#8217;amuser ensemble tout en parlant fran\u00e7ais! Soyez-y!<\/li>\n<\/ul>\n<\/li>\n<\/ul>\n<hr \/>\n<p>Pass\u00e9es&#8230;<\/p>\n<ul>\n<li><strong>Mercredi, le 15 avril de 14h00 \u00e0 15h00<\/strong>\n<ul>\n<li><em>Quoi de neuf?<\/em><\/li>\n<li><em>Explications des options de projet du 10 au 24 avril<\/em><\/li>\n<\/ul>\n<\/li>\n<li><strong>Mardi, le 21 avril de 14h00 \u00e0 14h30<\/strong>\n<ul>\n<li><em>Mme Isabelle sera disponible en direct sur MS Teams pour r\u00e9pondre \u00e0 toutes vos questions, pr\u00e9occupations et commentaires concernant les projets.\u00a0 Cette r\u00e9union est facultative pour les \u00e9tudiants qui ont assist\u00e9 \u00e0 la premi\u00e8re r\u00e9union des \u00e9quipes de MS Team<\/em><em>s, mercredi, le 15\u00a0avril. Tous les autres \u00e9l\u00e8ves sont pri\u00e9s de participer afin que je puisse communiquer avec vous et m\u2019assurer que vous \u00eates sur la bonne voie. Je ne serai disponible pour votre classe que pendant cette p\u00e9riode. Les \u00e9tudiants qui ont assist\u00e9 \u00e0 la premi\u00e8re r\u00e9union peuvent se joindre \u00e0 cette r\u00e9union ou m\u2019envoyer leurs questions par courriel \u00e0 la place.<\/em><\/li>\n<li><span style=\"color: #ff0000;\"><strong>Votre premier projet termin\u00e9 est \u00e0 remettre vendredi, le 24\u00a0avril \u00e0 23 h 59 au plus tard.<\/strong><\/span><\/li>\n<li>\u00c0 compter du lundi 27\u00a0avril, vous entreprendrez un projet diff\u00e9rent pour les deux semaines suivantes.<\/li>\n<li><strong>Si vous avez manqu\u00e9 la derni\u00e8re r\u00e9union sur MS Teams:<\/strong>\n<ul>\n<li>Explications de tous les projets du 10 au 24\u00a0avril\u00a02020\n<ul>\n<li>Enregistrement disponible que j\u2019ai fait pour CC9 <b><a tabindex=\"-1\" title=\"https:\/\/web.microsoftstream.com\/video\/6671065f-0384-4400-a0db-13b6c11ce1aa\" href=\"https:\/\/web.microsoftstream.com\/video\/6671065f-0384-4400-a0db-13b6c11ce1aa\" target=\"_blank\" rel=\"noreferrer noopener\">here<\/a>\u00a0<\/b>de toutes les explications.\u00a0Si vous avez manqu\u00e9 la r\u00e9union, cet enregistrement vous donnera une bonne id\u00e9e de mes intentions et de la fa\u00e7on d\u2019acc\u00e9der \u00e0 toutes les ressources.<\/li>\n<\/ul>\n<\/li>\n<\/ul>\n<\/li>\n<\/ul>\n<\/li>\n<\/ul>\n","protected":false},"excerpt":{"rendered":"<p>RENCONTRES VIRTUELLES \u00c0 VENIR SUR MICROSOFT TEAMS: \u00c0 venir&#8230; Lundi, le 27 avril de 14h00 \u00e0 15h00 Check-in obligatoire pour tous les \u00e9tudiants &#8211; Je vais prendre les pr\u00e9sences et noter les absences. Le point sur les nouveaux syst\u00e8mes en &hellip; <a href=\"https:\/\/blogs.ubc.ca\/isabelle\/troisieme-trimestre\/\">Continue reading <span class=\"meta-nav\">&rarr;<\/span><\/a><\/p>\n","protected":false},"author":21555,"featured_media":0,"parent":0,"menu_order":0,"comment_status":"closed","ping_status":"closed","template":"","meta":{"footnotes":""},"class_list":["post-2624","page","type-page","status-publish","hentry"],"_links":{"self":[{"href":"https:\/\/blogs.ubc.ca\/isabelle\/wp-json\/wp\/v2\/pages\/2624","targetHints":{"allow":["GET"]}}],"collection":[{"href":"https:\/\/blogs.ubc.ca\/isabelle\/wp-json\/wp\/v2\/pages"}],"about":[{"href":"https:\/\/blogs.ubc.ca\/isabelle\/wp-json\/wp\/v2\/types\/page"}],"author":[{"embeddable":true,"href":"https:\/\/blogs.ubc.ca\/isabelle\/wp-json\/wp\/v2\/users\/21555"}],"replies":[{"embeddable":true,"href":"https:\/\/blogs.ubc.ca\/isabelle\/wp-json\/wp\/v2\/comments?post=2624"}],"version-history":[{"count":23,"href":"https:\/\/blogs.ubc.ca\/isabelle\/wp-json\/wp\/v2\/pages\/2624\/revisions"}],"predecessor-version":[{"id":2860,"href":"https:\/\/blogs.ubc.ca\/isabelle\/wp-json\/wp\/v2\/pages\/2624\/revisions\/2860"}],"wp:attachment":[{"href":"https:\/\/blogs.ubc.ca\/isabelle\/wp-json\/wp\/v2\/media?parent=2624"}],"curies":[{"name":"wp","href":"https:\/\/api.w.org\/{rel}","templated":true}]}}