{"id":311,"date":"2021-11-29T10:48:26","date_gmt":"2021-11-29T17:48:26","guid":{"rendered":"https:\/\/blogs.ubc.ca\/palabrasmadres\/?page_id=311"},"modified":"2021-11-29T10:48:26","modified_gmt":"2021-11-29T17:48:26","slug":"daniela-catrileo","status":"publish","type":"page","link":"https:\/\/blogs.ubc.ca\/palabrasmadres\/poetas\/daniela-catrileo\/","title":{"rendered":"Daniela Catrileo"},"content":{"rendered":"<p><span style=\"font-weight: 400;\">Escritora, profesora de filosof\u00eda, feminista, e integrante de la Editorial y Colectivo Mapuche Rangi\u00f1tulewf\u00fc, Daniela Catrileo ha publicado diversos libros de poes\u00eda. Durante el 2011 fue becaria de la Fundaci\u00f3n Neruda y luego obtuvo la beca de creaci\u00f3n literaria que otorga el Consejo Nacional de la Cultura y las Artes.<\/span><\/p>\n<p><span style=\"font-weight: 400;\">Aunque naci\u00f3 y creci\u00f3 en Santiago, su clan carga la herencia de la \u201cgente de la tierra\u201d. Su abuelo era originario de una comunidad en la Araucan\u00eda. Al rastrear sus ra\u00edces, se dio cuenta que su familia hab\u00eda sido afectada por la expropiaci\u00f3n territorial y sufrido la violencia que el Estado chileno ejerci\u00f3 en contra del pueblo\/naci\u00f3n mapuche.<\/span><\/p>\n<p><span style=\"font-weight: 400;\">Su inter\u00e9s por la literatura parti\u00f3 cuando era peque\u00f1a, con los diarios de vida, los talleres de literatura en el colegio. Su mam\u00e1 le regal\u00f3 una m\u00e1quina de escribir, mientras que su abuela coleccionaba libros de literatura universal.<\/span><\/p>\n<p><span style=\"font-weight: 400;\">Cuando comenz\u00f3 a relacionarse con sus \u2018pe\u00f1i\u2019 y \u2018lamgen\u2019 dedicadas a la cultura, su escritura se vincul\u00f3 cada vez m\u00e1s con la experiencia propia de ser mapuche. Empez\u00f3 a contar los procesos pol\u00edticos que se estaban llevando a cabo en el Wallmapu.<\/span><\/p>\n<p><span style=\"font-weight: 400;\">Su obra audiovisual \u201cLlek\u00fcm\u00fcn\u201d fue distinguida con el primer lugar del AX: Encuentro de las Culturas Ind\u00edgenas y Afrodescendientes que organiza el Ministerio de las Culturas. El trabajo le permiti\u00f3 profundizar en la memoria familiar, recogi\u00f3 los recuerdos de su \u2018kuku\u2019.<\/span><\/p>\n<p><span style=\"font-weight: 400;\">Por su libro narrativo<\/span><i><span style=\"font-weight: 400;\"> Pi\u00f1en<\/span><\/i><span style=\"font-weight: 400;\"> gan\u00f3 el premio a la Mejor Obra Literaria en la categor\u00eda Cuento de los Premios Literarios 2020 del Ministerio de la Cultura y las Artes. El libro est\u00e1 compuesto por tres narraciones \u201cdonde ni\u00f1os y adolescentes atraviesan conflictos sociales y \u00e9tnicos en un entorno urbano donde se materializan el racismo y la desigualdad\u201d.<\/span><\/p>\n<p><span style=\"font-weight: 400;\">Para Daniela \u201chay una imagen de lo que deber\u00eda ser una mujer ind\u00edgena; pero est\u00e1 muy lejos de ser nuestra historia la que se escribe\u201d. Sus obras est\u00e1n basadas en reinterpretaciones de sus vivencias y las de sus familiares, adem\u00e1s de un estudio de sus experiencias como mujer mapuche desde un punto de vista pol\u00edtico.<\/span><\/p>\n<p>&nbsp;<\/p>\n","protected":false},"excerpt":{"rendered":"<p class=\"post-excerpt\">Escritora, profesora de filosof\u00eda, feminista, e integrante de la Editorial y Colectivo Mapuche Rangi\u00f1tulewf\u00fc, Daniela Catrileo ha publicado diversos libros&#8230;<\/p>\n","protected":false},"author":71140,"featured_media":0,"parent":10,"menu_order":11,"comment_status":"closed","ping_status":"closed","template":"","meta":{"footnotes":""},"class_list":["post-311","page","type-page","status-publish","hentry"],"_links":{"self":[{"href":"https:\/\/blogs.ubc.ca\/palabrasmadres\/wp-json\/wp\/v2\/pages\/311","targetHints":{"allow":["GET"]}}],"collection":[{"href":"https:\/\/blogs.ubc.ca\/palabrasmadres\/wp-json\/wp\/v2\/pages"}],"about":[{"href":"https:\/\/blogs.ubc.ca\/palabrasmadres\/wp-json\/wp\/v2\/types\/page"}],"author":[{"embeddable":true,"href":"https:\/\/blogs.ubc.ca\/palabrasmadres\/wp-json\/wp\/v2\/users\/71140"}],"replies":[{"embeddable":true,"href":"https:\/\/blogs.ubc.ca\/palabrasmadres\/wp-json\/wp\/v2\/comments?post=311"}],"version-history":[{"count":1,"href":"https:\/\/blogs.ubc.ca\/palabrasmadres\/wp-json\/wp\/v2\/pages\/311\/revisions"}],"predecessor-version":[{"id":312,"href":"https:\/\/blogs.ubc.ca\/palabrasmadres\/wp-json\/wp\/v2\/pages\/311\/revisions\/312"}],"up":[{"embeddable":true,"href":"https:\/\/blogs.ubc.ca\/palabrasmadres\/wp-json\/wp\/v2\/pages\/10"}],"wp:attachment":[{"href":"https:\/\/blogs.ubc.ca\/palabrasmadres\/wp-json\/wp\/v2\/media?parent=311"}],"curies":[{"name":"wp","href":"https:\/\/api.w.org\/{rel}","templated":true}]}}